
{"id":2930,"date":"2021-01-19T06:32:53","date_gmt":"2021-01-19T08:32:53","guid":{"rendered":"http:\/\/tobalt.tech\/vilniausrscb\/?page_id=2930"},"modified":"2024-12-02T11:51:09","modified_gmt":"2024-12-02T09:51:09","slug":"imprezy","status":"publish","type":"page","link":"https:\/\/vrscb.lt\/pl\/imprezy\/","title":{"rendered":"Imprezy"},"content":{"rendered":"\t\t<div data-elementor-type=\"wp-page\" data-elementor-id=\"2930\" class=\"elementor elementor-2930\" data-elementor-post-type=\"page\">\n\t\t\t\t\t\t<section class=\"elementor-section elementor-top-section elementor-element elementor-element-4710a936 elementor-section-full_width elementor-section-stretched elementor-section-height-default elementor-section-height-default\" data-id=\"4710a936\" data-element_type=\"section\" data-e-type=\"section\" data-settings=\"{&quot;background_background&quot;:&quot;classic&quot;,&quot;stretch_section&quot;:&quot;section-stretched&quot;}\">\n\t\t\t\t\t\t\t<div class=\"elementor-background-overlay\"><\/div>\n\t\t\t\t\t\t\t<div class=\"elementor-container elementor-column-gap-default\">\n\t\t\t\t\t<div class=\"elementor-column elementor-col-100 elementor-top-column elementor-element elementor-element-66d3fb51\" data-id=\"66d3fb51\" data-element_type=\"column\" data-e-type=\"column\">\n\t\t\t<div class=\"elementor-widget-wrap elementor-element-populated\">\n\t\t\t\t\t\t<div class=\"elementor-element elementor-element-40168f5b elementor-widget elementor-widget-heading\" data-id=\"40168f5b\" data-element_type=\"widget\" data-e-type=\"widget\" data-widget_type=\"heading.default\">\n\t\t\t\t<div class=\"elementor-widget-container\">\n\t\t\t\t\t<h2 class=\"elementor-heading-title elementor-size-default\">Imprezy\n<\/h2>\t\t\t\t<\/div>\n\t\t\t\t<\/div>\n\t\t\t\t\t<\/div>\n\t\t<\/div>\n\t\t\t\t\t<\/div>\n\t\t<\/section>\n\t\t\t\t<section class=\"elementor-section elementor-top-section elementor-element elementor-element-5ccac17d elementor-section-boxed elementor-section-height-default elementor-section-height-default\" data-id=\"5ccac17d\" data-element_type=\"section\" data-e-type=\"section\">\n\t\t\t\t\t\t<div class=\"elementor-container elementor-column-gap-default\">\n\t\t\t\t\t<div class=\"elementor-column elementor-col-100 elementor-top-column elementor-element elementor-element-4c31b668\" data-id=\"4c31b668\" data-element_type=\"column\" data-e-type=\"column\">\n\t\t\t<div class=\"elementor-widget-wrap elementor-element-populated\">\n\t\t\t\t\t\t<div class=\"elementor-element elementor-element-791fa5d1 elementor-grid-4 elementor-grid-tablet-2 elementor-grid-mobile-1 elementor-posts--thumbnail-top elementor-widget elementor-widget-posts\" data-id=\"791fa5d1\" data-element_type=\"widget\" data-e-type=\"widget\" data-settings=\"{&quot;pagination_type&quot;:&quot;numbers&quot;,&quot;classic_columns&quot;:&quot;4&quot;,&quot;classic_columns_tablet&quot;:&quot;2&quot;,&quot;classic_columns_mobile&quot;:&quot;1&quot;,&quot;classic_row_gap&quot;:{&quot;unit&quot;:&quot;px&quot;,&quot;size&quot;:35,&quot;sizes&quot;:[]},&quot;classic_row_gap_tablet&quot;:{&quot;unit&quot;:&quot;px&quot;,&quot;size&quot;:&quot;&quot;,&quot;sizes&quot;:[]},&quot;classic_row_gap_mobile&quot;:{&quot;unit&quot;:&quot;px&quot;,&quot;size&quot;:&quot;&quot;,&quot;sizes&quot;:[]}}\" data-widget_type=\"posts.classic\">\n\t\t\t\t<div class=\"elementor-widget-container\">\n\t\t\t\t\t\t\t<div class=\"elementor-posts-container elementor-posts elementor-posts--skin-classic elementor-grid\" role=\"list\">\n\t\t\t\t<article class=\"elementor-post elementor-grid-item post-39980 post type-post status-publish format-standard has-post-thumbnail hentry category-imprezy entry\" role=\"listitem\">\n\t\t\t\t<a class=\"elementor-post__thumbnail__link\" href=\"https:\/\/vrscb.lt\/pl\/szkolenia-z-kompetencji-cyfrowych-trwaja-tym-razem-w-kowalczukach\/\" tabindex=\"-1\" >\n\t\t\t<div class=\"elementor-post__thumbnail\"><img fetchpriority=\"high\" decoding=\"async\" width=\"744\" height=\"558\" src=\"https:\/\/vrscb.lt\/wp-content\/uploads\/2026\/04\/Skaitmeninio-rastingumo-mokymai-tesiasi-5-1-744x558.jpg\" class=\"attachment-medium size-medium wp-image-39981\" alt=\"Vilniaus rajono savivaldyb\u0117s Centrin\u0117s bibliotekos inicijuoti skaitmeninio ra\u0161tingumo mokymai s\u0117kmingai t\u0119siasi \u012fvairiuose strukt\u016briniuose padaliniuose. Baland\u017eio 1\u20133 dienomis jie vyko Kalveli\u0173 strukt\u016briniame padalinyje, kur tris dienas bendruomen\u0117s nariai gilino savo skaitmeninius \u012fg\u016bd\u017eius ir dr\u0105siau \u017eeng\u0117 \u012f technologij\u0173 pasaul\u012f.\" srcset=\"https:\/\/vrscb.lt\/wp-content\/uploads\/2026\/04\/Skaitmeninio-rastingumo-mokymai-tesiasi-5-1-744x558.jpg 744w, https:\/\/vrscb.lt\/wp-content\/uploads\/2026\/04\/Skaitmeninio-rastingumo-mokymai-tesiasi-5-1.jpg 1080w\" sizes=\"(max-width: 744px) 100vw, 744px\" \/><\/div>\n\t\t<\/a>\n\t\t\t\t<div class=\"elementor-post__text\">\n\t\t\t\t<h3 class=\"elementor-post__title\">\n\t\t\t<a href=\"https:\/\/vrscb.lt\/pl\/szkolenia-z-kompetencji-cyfrowych-trwaja-tym-razem-w-kowalczukach\/\" >\n\t\t\t\tSzkolenia z kompetencji cyfrowych trwaj\u0105 \u2013 tym razem w Kowalczukach\t\t\t<\/a>\n\t\t<\/h3>\n\t\t\t\t<div class=\"elementor-post__meta-data\">\n\t\t\t\t\t<span class=\"elementor-post-date\">\n\t\t\t2026-04-08\t\t<\/span>\n\t\t\t\t<\/div>\n\t\t\t\t<div class=\"elementor-post__excerpt\">\n\t\t\t<div class=\"entry-summary\">\nSzkolenia z zakresu kompetencji cyfrowych, zainicjowane przez Centraln\u0105 Bibliotek\u0119 Samorz\u0105du Rejonu Wile\u0144skiego, z powodzeniem s\u0105\n<\/div>\n<div class=\"link-more\"><a href=\"https:\/\/vrscb.lt\/pl\/szkolenia-z-kompetencji-cyfrowych-trwaja-tym-razem-w-kowalczukach\/\" class=\"more-link\">Czytaj wi\u0119cej<span class=\"screen-reader-text\"> &ldquo;Szkolenia z kompetencji cyfrowych trwaj\u0105 \u2013 tym razem w Kowalczukach&rdquo;<\/span>\u2026<\/a><\/div>\n\t\t<\/div>\n\t\t\t\t<\/div>\n\t\t\t\t<\/article>\n\t\t\t\t<article class=\"elementor-post elementor-grid-item post-39867 post type-post status-publish format-standard has-post-thumbnail hentry category-imprezy entry\" role=\"listitem\">\n\t\t\t\t<a class=\"elementor-post__thumbnail__link\" href=\"https:\/\/vrscb.lt\/pl\/warsztaty-wicia-palm-wielkanocnych-w-centralnej-bibliotece-samorzadu-rejonu-wilenskiego\/\" tabindex=\"-1\" >\n\t\t\t<div class=\"elementor-post__thumbnail\"><img decoding=\"async\" width=\"744\" height=\"496\" src=\"https:\/\/vrscb.lt\/wp-content\/uploads\/2026\/04\/verbu-pynimo-dirbtuves-9-1-744x496.jpg\" class=\"attachment-medium size-medium wp-image-39868\" alt=\"Automati\u0161kai i\u0161saugotas juodra\u0161tis\" srcset=\"https:\/\/vrscb.lt\/wp-content\/uploads\/2026\/04\/verbu-pynimo-dirbtuves-9-1-744x496.jpg 744w, https:\/\/vrscb.lt\/wp-content\/uploads\/2026\/04\/verbu-pynimo-dirbtuves-9-1-391x260.jpg 391w, https:\/\/vrscb.lt\/wp-content\/uploads\/2026\/04\/verbu-pynimo-dirbtuves-9-1.jpg 1080w\" sizes=\"(max-width: 744px) 100vw, 744px\" \/><\/div>\n\t\t<\/a>\n\t\t\t\t<div class=\"elementor-post__text\">\n\t\t\t\t<h3 class=\"elementor-post__title\">\n\t\t\t<a href=\"https:\/\/vrscb.lt\/pl\/warsztaty-wicia-palm-wielkanocnych-w-centralnej-bibliotece-samorzadu-rejonu-wilenskiego\/\" >\n\t\t\t\tWarsztaty wicia palm wielkanocnych w Centralnej Bibliotece samorz\u0105du Rejonu Wile\u0144skiego\t\t\t<\/a>\n\t\t<\/h3>\n\t\t\t\t<div class=\"elementor-post__meta-data\">\n\t\t\t\t\t<span class=\"elementor-post-date\">\n\t\t\t2026-04-02\t\t<\/span>\n\t\t\t\t<\/div>\n\t\t\t\t<div class=\"elementor-post__excerpt\">\n\t\t\t<div class=\"entry-summary\">\n25 marca w Centralnej Bibliotece Samorz\u0105du Rejonu Wile\u0144skiego odby\u0142y si\u0119 warsztaty wicia palm wielkanocnych, zorganizowane\n<\/div>\n<div class=\"link-more\"><a href=\"https:\/\/vrscb.lt\/pl\/warsztaty-wicia-palm-wielkanocnych-w-centralnej-bibliotece-samorzadu-rejonu-wilenskiego\/\" class=\"more-link\">Czytaj wi\u0119cej<span class=\"screen-reader-text\"> &ldquo;Warsztaty wicia palm wielkanocnych w Centralnej Bibliotece samorz\u0105du Rejonu Wile\u0144skiego&rdquo;<\/span>\u2026<\/a><\/div>\n\t\t<\/div>\n\t\t\t\t<\/div>\n\t\t\t\t<\/article>\n\t\t\t\t<article class=\"elementor-post elementor-grid-item post-39715 post type-post status-publish format-standard has-post-thumbnail hentry category-imprezy entry\" role=\"listitem\">\n\t\t\t\t<a class=\"elementor-post__thumbnail__link\" href=\"https:\/\/vrscb.lt\/pl\/w-krainie-bajek-w-bibliotece-w-kowalczukach\/\" tabindex=\"-1\" >\n\t\t\t<div class=\"elementor-post__thumbnail\"><img decoding=\"async\" width=\"744\" height=\"558\" src=\"https:\/\/vrscb.lt\/wp-content\/uploads\/2026\/03\/Pasaku-atradimo-dienos-7-1-744x558.jpg\" class=\"attachment-medium size-medium wp-image-39716\" alt=\"Automati\u0161kai i\u0161saugotas juodra\u0161tis\" srcset=\"https:\/\/vrscb.lt\/wp-content\/uploads\/2026\/03\/Pasaku-atradimo-dienos-7-1-744x558.jpg 744w, https:\/\/vrscb.lt\/wp-content\/uploads\/2026\/03\/Pasaku-atradimo-dienos-7-1.jpg 1024w\" sizes=\"(max-width: 744px) 100vw, 744px\" \/><\/div>\n\t\t<\/a>\n\t\t\t\t<div class=\"elementor-post__text\">\n\t\t\t\t<h3 class=\"elementor-post__title\">\n\t\t\t<a href=\"https:\/\/vrscb.lt\/pl\/w-krainie-bajek-w-bibliotece-w-kowalczukach\/\" >\n\t\t\t\tW krainie bajek w bibliotece w Kowalczukach\t\t\t<\/a>\n\t\t<\/h3>\n\t\t\t\t<div class=\"elementor-post__meta-data\">\n\t\t\t\t\t<span class=\"elementor-post-date\">\n\t\t\t2026-03-19\t\t<\/span>\n\t\t\t\t<\/div>\n\t\t\t\t<div class=\"elementor-post__excerpt\">\n\t\t\t<div class=\"entry-summary\">\nW dniach 16\u201319 marca w bibliotece w Kowalczukach odby\u0142 si\u0119 tydzie\u0144 ksi\u0105\u017cki dzieci\u0119cej, przeznaczony dla\n<\/div>\n<div class=\"link-more\"><a href=\"https:\/\/vrscb.lt\/pl\/w-krainie-bajek-w-bibliotece-w-kowalczukach\/\" class=\"more-link\">Czytaj wi\u0119cej<span class=\"screen-reader-text\"> &ldquo;W krainie bajek w bibliotece w Kowalczukach&rdquo;<\/span>\u2026<\/a><\/div>\n\t\t<\/div>\n\t\t\t\t<\/div>\n\t\t\t\t<\/article>\n\t\t\t\t<article class=\"elementor-post elementor-grid-item post-39635 post type-post status-publish format-standard has-post-thumbnail hentry category-imprezy entry\" role=\"listitem\">\n\t\t\t\t<a class=\"elementor-post__thumbnail__link\" href=\"https:\/\/vrscb.lt\/pl\/tradycyjne-swieto-wieszania-budek-legowych-kochajmy-przyrode-wieszajmy-budki-legowe\/\" tabindex=\"-1\" >\n\t\t\t<div class=\"elementor-post__thumbnail\"><img loading=\"lazy\" decoding=\"async\" width=\"744\" height=\"558\" src=\"https:\/\/vrscb.lt\/wp-content\/uploads\/2026\/03\/Mylekime-gamta-\u2013-kelkime-inkilus-8-1-744x558.jpg\" class=\"attachment-medium size-medium wp-image-39636\" alt=\"Automati\u0161kai i\u0161saugotas juodra\u0161tis\" srcset=\"https:\/\/vrscb.lt\/wp-content\/uploads\/2026\/03\/Mylekime-gamta-\u2013-kelkime-inkilus-8-1-744x558.jpg 744w, https:\/\/vrscb.lt\/wp-content\/uploads\/2026\/03\/Mylekime-gamta-\u2013-kelkime-inkilus-8-1.jpg 1024w\" sizes=\"(max-width: 744px) 100vw, 744px\" \/><\/div>\n\t\t<\/a>\n\t\t\t\t<div class=\"elementor-post__text\">\n\t\t\t\t<h3 class=\"elementor-post__title\">\n\t\t\t<a href=\"https:\/\/vrscb.lt\/pl\/tradycyjne-swieto-wieszania-budek-legowych-kochajmy-przyrode-wieszajmy-budki-legowe\/\" >\n\t\t\t\tTradycyjne \u015bwi\u0119to wieszania budek l\u0119gowych \u201eKochajmy przyrod\u0119 \u2013 wieszajmy budki l\u0119gowe\u201c\t\t\t<\/a>\n\t\t<\/h3>\n\t\t\t\t<div class=\"elementor-post__meta-data\">\n\t\t\t\t\t<span class=\"elementor-post-date\">\n\t\t\t2026-03-17\t\t<\/span>\n\t\t\t\t<\/div>\n\t\t\t\t<div class=\"elementor-post__excerpt\">\n\t\t\t<div class=\"entry-summary\">\nW pi\u0105tek, 13 marca, pracownicy biblioteki zorganizowali akcj\u0119 ekologiczn\u0105 pod has\u0142em \u201eKochajmy przyrod\u0119 \u2013 wieszajmy\n<\/div>\n<div class=\"link-more\"><a href=\"https:\/\/vrscb.lt\/pl\/tradycyjne-swieto-wieszania-budek-legowych-kochajmy-przyrode-wieszajmy-budki-legowe\/\" class=\"more-link\">Czytaj wi\u0119cej<span class=\"screen-reader-text\"> &ldquo;Tradycyjne \u015bwi\u0119to wieszania budek l\u0119gowych \u201eKochajmy przyrod\u0119 \u2013 wieszajmy budki l\u0119gowe\u201c&rdquo;<\/span>\u2026<\/a><\/div>\n\t\t<\/div>\n\t\t\t\t<\/div>\n\t\t\t\t<\/article>\n\t\t\t\t<article class=\"elementor-post elementor-grid-item post-39421 post type-post status-publish format-standard has-post-thumbnail hentry category-imprezy entry\" role=\"listitem\">\n\t\t\t\t<a class=\"elementor-post__thumbnail__link\" href=\"https:\/\/vrscb.lt\/pl\/spotkanie-klubu-dyskusyjnego-polska-ksiazka-z-okazji-walentynek\/\" tabindex=\"-1\" >\n\t\t\t<div class=\"elementor-post__thumbnail\"><img loading=\"lazy\" decoding=\"async\" width=\"744\" height=\"558\" src=\"https:\/\/vrscb.lt\/wp-content\/uploads\/2026\/02\/Diskusiju-klubo-\u201eLenkiska-knyga-susitikimas-11-1-744x558.jpg\" class=\"attachment-medium size-medium wp-image-39423\" alt=\"Spotkanie klubu dyskusyjnego \u201ePolska ksi\u0105\u017cka\u201d z okazji Walentynek\" srcset=\"https:\/\/vrscb.lt\/wp-content\/uploads\/2026\/02\/Diskusiju-klubo-\u201eLenkiska-knyga-susitikimas-11-1-744x558.jpg 744w, https:\/\/vrscb.lt\/wp-content\/uploads\/2026\/02\/Diskusiju-klubo-\u201eLenkiska-knyga-susitikimas-11-1.jpg 1024w\" sizes=\"(max-width: 744px) 100vw, 744px\" \/><\/div>\n\t\t<\/a>\n\t\t\t\t<div class=\"elementor-post__text\">\n\t\t\t\t<h3 class=\"elementor-post__title\">\n\t\t\t<a href=\"https:\/\/vrscb.lt\/pl\/spotkanie-klubu-dyskusyjnego-polska-ksiazka-z-okazji-walentynek\/\" >\n\t\t\t\tSpotkanie klubu dyskusyjnego \u201ePolska ksi\u0105\u017cka\u201d z okazji Walentynek\t\t\t<\/a>\n\t\t<\/h3>\n\t\t\t\t<div class=\"elementor-post__meta-data\">\n\t\t\t\t\t<span class=\"elementor-post-date\">\n\t\t\t2026-02-24\t\t<\/span>\n\t\t\t\t<\/div>\n\t\t\t\t<div class=\"elementor-post__excerpt\">\n\t\t\t<div class=\"entry-summary\">\n14 lutego odby\u0142o si\u0119 kolejne spotkanie Klubu Dyskusyjnego \u201ePolska Ksi\u0105\u017cka\u201d. Tym razem by\u0142o ono po\u015bwi\u0119cone\n<\/div>\n<div class=\"link-more\"><a href=\"https:\/\/vrscb.lt\/pl\/spotkanie-klubu-dyskusyjnego-polska-ksiazka-z-okazji-walentynek\/\" class=\"more-link\">Czytaj wi\u0119cej<span class=\"screen-reader-text\"> &ldquo;Spotkanie klubu dyskusyjnego \u201ePolska ksi\u0105\u017cka\u201d z okazji Walentynek&rdquo;<\/span>\u2026<\/a><\/div>\n\t\t<\/div>\n\t\t\t\t<\/div>\n\t\t\t\t<\/article>\n\t\t\t\t<article class=\"elementor-post elementor-grid-item post-39328 post type-post status-publish format-standard has-post-thumbnail hentry category-imprezy entry\" role=\"listitem\">\n\t\t\t\t<a class=\"elementor-post__thumbnail__link\" href=\"https:\/\/vrscb.lt\/pl\/tydzien-bezpiecznego-internetu-w-bibliotece-w-kowalczukach-internet-dla-wszystkich-wiedziec-uczyc-sie-byc-bezpiecznym\/\" tabindex=\"-1\" >\n\t\t\t<div class=\"elementor-post__thumbnail\"><img loading=\"lazy\" decoding=\"async\" width=\"744\" height=\"558\" src=\"https:\/\/vrscb.lt\/wp-content\/uploads\/2026\/02\/Saugesnio-interneto-savaite-9-1-744x558.jpg\" class=\"attachment-medium size-medium wp-image-39330\" alt=\"Automati\u0161kai i\u0161saugotas juodra\u0161tis\" srcset=\"https:\/\/vrscb.lt\/wp-content\/uploads\/2026\/02\/Saugesnio-interneto-savaite-9-1-744x558.jpg 744w, https:\/\/vrscb.lt\/wp-content\/uploads\/2026\/02\/Saugesnio-interneto-savaite-9-1.jpg 1024w\" sizes=\"(max-width: 744px) 100vw, 744px\" \/><\/div>\n\t\t<\/a>\n\t\t\t\t<div class=\"elementor-post__text\">\n\t\t\t\t<h3 class=\"elementor-post__title\">\n\t\t\t<a href=\"https:\/\/vrscb.lt\/pl\/tydzien-bezpiecznego-internetu-w-bibliotece-w-kowalczukach-internet-dla-wszystkich-wiedziec-uczyc-sie-byc-bezpiecznym\/\" >\n\t\t\t\tTydzie\u0144 Bezpiecznego Internetu w Bibliotece w Kowalczukach \u2013 \u201eInternet dla wszystkich \u2013 wiedzie\u0107, uczy\u0107 si\u0119, by\u0107 bezpiecznym\u201d\t\t\t<\/a>\n\t\t<\/h3>\n\t\t\t\t<div class=\"elementor-post__meta-data\">\n\t\t\t\t\t<span class=\"elementor-post-date\">\n\t\t\t2026-02-13\t\t<\/span>\n\t\t\t\t<\/div>\n\t\t\t\t<div class=\"elementor-post__excerpt\">\n\t\t\t<div class=\"entry-summary\">\n10 lutego 2026 r. obchodzono 23. Dzie\u0144 Bezpiecznego Internetu pod has\u0142em \u201eTw\u00f3rzmy razem lepszy internet!\u201d.\n<\/div>\n<div class=\"link-more\"><a href=\"https:\/\/vrscb.lt\/pl\/tydzien-bezpiecznego-internetu-w-bibliotece-w-kowalczukach-internet-dla-wszystkich-wiedziec-uczyc-sie-byc-bezpiecznym\/\" class=\"more-link\">Czytaj wi\u0119cej<span class=\"screen-reader-text\"> &ldquo;Tydzie\u0144 Bezpiecznego Internetu w Bibliotece w Kowalczukach \u2013 \u201eInternet dla wszystkich \u2013 wiedzie\u0107, uczy\u0107 si\u0119, by\u0107 bezpiecznym\u201d&rdquo;<\/span>\u2026<\/a><\/div>\n\t\t<\/div>\n\t\t\t\t<\/div>\n\t\t\t\t<\/article>\n\t\t\t\t<article class=\"elementor-post elementor-grid-item post-39272 post type-post status-publish format-standard has-post-thumbnail hentry category-imprezy entry\" role=\"listitem\">\n\t\t\t\t<a class=\"elementor-post__thumbnail__link\" href=\"https:\/\/vrscb.lt\/pl\/dzien-bezpiecznego-internetu-w-centralnej-bibliotece-samorzadu-rejonu-wilenskiego\/\" tabindex=\"-1\" >\n\t\t\t<div class=\"elementor-post__thumbnail\"><img loading=\"lazy\" decoding=\"async\" width=\"744\" height=\"496\" src=\"https:\/\/vrscb.lt\/wp-content\/uploads\/2026\/02\/Saugesnio-interneto-diena-9-1-744x496.jpg\" class=\"attachment-medium size-medium wp-image-39274\" alt=\"Dzie\u0144 Bezpiecznego Internetu w Centralnej Bibliotece Samorz\u0105du Rejonu Wile\u0144skiego\" srcset=\"https:\/\/vrscb.lt\/wp-content\/uploads\/2026\/02\/Saugesnio-interneto-diena-9-1-744x496.jpg 744w, https:\/\/vrscb.lt\/wp-content\/uploads\/2026\/02\/Saugesnio-interneto-diena-9-1-391x260.jpg 391w, https:\/\/vrscb.lt\/wp-content\/uploads\/2026\/02\/Saugesnio-interneto-diena-9-1.jpg 1080w\" sizes=\"(max-width: 744px) 100vw, 744px\" \/><\/div>\n\t\t<\/a>\n\t\t\t\t<div class=\"elementor-post__text\">\n\t\t\t\t<h3 class=\"elementor-post__title\">\n\t\t\t<a href=\"https:\/\/vrscb.lt\/pl\/dzien-bezpiecznego-internetu-w-centralnej-bibliotece-samorzadu-rejonu-wilenskiego\/\" >\n\t\t\t\tDzie\u0144 Bezpiecznego Internetu w Centralnej Bibliotece Samorz\u0105du Rejonu Wile\u0144skiego\t\t\t<\/a>\n\t\t<\/h3>\n\t\t\t\t<div class=\"elementor-post__meta-data\">\n\t\t\t\t\t<span class=\"elementor-post-date\">\n\t\t\t2026-02-10\t\t<\/span>\n\t\t\t\t<\/div>\n\t\t\t\t<div class=\"elementor-post__excerpt\">\n\t\t\t<div class=\"entry-summary\">\n10 lutego w Centralnej Bibliotece Samorz\u0105du Rejonu Wile\u0144skiego obchodzono Dzie\u0144 Bezpiecznego Internetu. Na spotkanie przybyli\n<\/div>\n<div class=\"link-more\"><a href=\"https:\/\/vrscb.lt\/pl\/dzien-bezpiecznego-internetu-w-centralnej-bibliotece-samorzadu-rejonu-wilenskiego\/\" class=\"more-link\">Czytaj wi\u0119cej<span class=\"screen-reader-text\"> &ldquo;Dzie\u0144 Bezpiecznego Internetu w Centralnej Bibliotece Samorz\u0105du Rejonu Wile\u0144skiego&rdquo;<\/span>\u2026<\/a><\/div>\n\t\t<\/div>\n\t\t\t\t<\/div>\n\t\t\t\t<\/article>\n\t\t\t\t<article class=\"elementor-post elementor-grid-item post-39191 post type-post status-publish format-standard has-post-thumbnail hentry category-imprezy entry\" role=\"listitem\">\n\t\t\t\t<a class=\"elementor-post__thumbnail__link\" href=\"https:\/\/vrscb.lt\/pl\/pomozmy-zwierzetom-zima-maly-kes-wielka-pomoc\/\" tabindex=\"-1\" >\n\t\t\t<div class=\"elementor-post__thumbnail\"><img loading=\"lazy\" decoding=\"async\" width=\"744\" height=\"439\" src=\"https:\/\/vrscb.lt\/wp-content\/uploads\/2026\/01\/Padekime-zvereliams-ziema-6-1-744x439.jpg\" class=\"attachment-medium size-medium wp-image-39193\" alt=\"Automati\u0161kai i\u0161saugotas juodra\u0161tis\" srcset=\"https:\/\/vrscb.lt\/wp-content\/uploads\/2026\/01\/Padekime-zvereliams-ziema-6-1-744x439.jpg 744w, https:\/\/vrscb.lt\/wp-content\/uploads\/2026\/01\/Padekime-zvereliams-ziema-6-1.jpg 1080w\" sizes=\"(max-width: 744px) 100vw, 744px\" \/><\/div>\n\t\t<\/a>\n\t\t\t\t<div class=\"elementor-post__text\">\n\t\t\t\t<h3 class=\"elementor-post__title\">\n\t\t\t<a href=\"https:\/\/vrscb.lt\/pl\/pomozmy-zwierzetom-zima-maly-kes-wielka-pomoc\/\" >\n\t\t\t\tPom\u00f3\u017cmy zwierz\u0119tom zim\u0105 \u2013 ma\u0142y k\u0119s, wielka pomoc\t\t\t<\/a>\n\t\t<\/h3>\n\t\t\t\t<div class=\"elementor-post__meta-data\">\n\t\t\t\t\t<span class=\"elementor-post-date\">\n\t\t\t2026-01-29\t\t<\/span>\n\t\t\t\t<\/div>\n\t\t\t\t<div class=\"elementor-post__excerpt\">\n\t\t\t<div class=\"entry-summary\">\nW okresie zimowym las wydaje si\u0119 cichy i spokojny, jednak dla jego mieszka\u0144c\u00f3w jest to\n<\/div>\n<div class=\"link-more\"><a href=\"https:\/\/vrscb.lt\/pl\/pomozmy-zwierzetom-zima-maly-kes-wielka-pomoc\/\" class=\"more-link\">Czytaj wi\u0119cej<span class=\"screen-reader-text\"> &ldquo;Pom\u00f3\u017cmy zwierz\u0119tom zim\u0105 \u2013 ma\u0142y k\u0119s, wielka pomoc&rdquo;<\/span>\u2026<\/a><\/div>\n\t\t<\/div>\n\t\t\t\t<\/div>\n\t\t\t\t<\/article>\n\t\t\t\t<article class=\"elementor-post elementor-grid-item post-38778 post type-post status-publish format-standard has-post-thumbnail hentry category-imprezy entry\" role=\"listitem\">\n\t\t\t\t<a class=\"elementor-post__thumbnail__link\" href=\"https:\/\/vrscb.lt\/pl\/dzien-tolerancji-w-bibliotece-gdy-swieci-dobro\/\" tabindex=\"-1\" >\n\t\t\t<div class=\"elementor-post__thumbnail\"><img loading=\"lazy\" decoding=\"async\" width=\"744\" height=\"468\" src=\"https:\/\/vrscb.lt\/wp-content\/uploads\/2025\/11\/Kai-sviecia-gerumas-1-1-744x468.jpg\" class=\"attachment-medium size-medium wp-image-38780\" alt=\"Automati\u0161kai i\u0161saugotas juodra\u0161tis\" srcset=\"https:\/\/vrscb.lt\/wp-content\/uploads\/2025\/11\/Kai-sviecia-gerumas-1-1-744x468.jpg 744w, https:\/\/vrscb.lt\/wp-content\/uploads\/2025\/11\/Kai-sviecia-gerumas-1-1.jpg 1080w\" sizes=\"(max-width: 744px) 100vw, 744px\" \/><\/div>\n\t\t<\/a>\n\t\t\t\t<div class=\"elementor-post__text\">\n\t\t\t\t<h3 class=\"elementor-post__title\">\n\t\t\t<a href=\"https:\/\/vrscb.lt\/pl\/dzien-tolerancji-w-bibliotece-gdy-swieci-dobro\/\" >\n\t\t\t\tDzie\u0144 Tolerancji w bibliotece \u201eGdy \u015bwieci dobro\u201d\t\t\t<\/a>\n\t\t<\/h3>\n\t\t\t\t<div class=\"elementor-post__meta-data\">\n\t\t\t\t\t<span class=\"elementor-post-date\">\n\t\t\t2025-11-18\t\t<\/span>\n\t\t\t\t<\/div>\n\t\t\t\t<div class=\"elementor-post__excerpt\">\n\t\t\t<div class=\"entry-summary\">\nTu\u017c przed Mi\u0119dzynarodowym Dniem Tolerancji spotkali\u015bmy si\u0119 z dzie\u0107mi z Gimnazjum w Rukojniach Filii w\n<\/div>\n<div class=\"link-more\"><a href=\"https:\/\/vrscb.lt\/pl\/dzien-tolerancji-w-bibliotece-gdy-swieci-dobro\/\" class=\"more-link\">Czytaj wi\u0119cej<span class=\"screen-reader-text\"> &ldquo;Dzie\u0144 Tolerancji w bibliotece \u201eGdy \u015bwieci dobro\u201d&rdquo;<\/span>\u2026<\/a><\/div>\n\t\t<\/div>\n\t\t\t\t<\/div>\n\t\t\t\t<\/article>\n\t\t\t\t<article class=\"elementor-post elementor-grid-item post-38736 post type-post status-publish format-standard has-post-thumbnail hentry category-imprezy entry\" role=\"listitem\">\n\t\t\t\t<a class=\"elementor-post__thumbnail__link\" href=\"https:\/\/vrscb.lt\/pl\/spotkanie-klubu-polska-ksiazka\/\" tabindex=\"-1\" >\n\t\t\t<div class=\"elementor-post__thumbnail\"><img loading=\"lazy\" decoding=\"async\" width=\"744\" height=\"502\" src=\"https:\/\/vrscb.lt\/wp-content\/uploads\/2025\/11\/Lenkiska-Knyga-10-1-744x502.jpg\" class=\"attachment-medium size-medium wp-image-38738\" alt=\"SPOTKANIE KLUBU \u201ePOLSKA KSI\u0104\u017bKA\u201d\" srcset=\"https:\/\/vrscb.lt\/wp-content\/uploads\/2025\/11\/Lenkiska-Knyga-10-1-744x502.jpg 744w, https:\/\/vrscb.lt\/wp-content\/uploads\/2025\/11\/Lenkiska-Knyga-10-1.jpg 1080w\" sizes=\"(max-width: 744px) 100vw, 744px\" \/><\/div>\n\t\t<\/a>\n\t\t\t\t<div class=\"elementor-post__text\">\n\t\t\t\t<h3 class=\"elementor-post__title\">\n\t\t\t<a href=\"https:\/\/vrscb.lt\/pl\/spotkanie-klubu-polska-ksiazka\/\" >\n\t\t\t\tSPOTKANIE KLUBU \u201ePOLSKA KSI\u0104\u017bKA\u201d\t\t\t<\/a>\n\t\t<\/h3>\n\t\t\t\t<div class=\"elementor-post__meta-data\">\n\t\t\t\t\t<span class=\"elementor-post-date\">\n\t\t\t2025-11-17\t\t<\/span>\n\t\t\t\t<\/div>\n\t\t\t\t<div class=\"elementor-post__excerpt\">\n\t\t\t<div class=\"entry-summary\">\nDnia 15 listopada odby\u0142o si\u0119 kolejne, pe\u0142ne wra\u017ce\u0144 spotkanie Klubu \u201ePolska Ksi\u0105\u017cka\u201d.Zgodnie z nasz\u0105 tradycj\u0105\n<\/div>\n<div class=\"link-more\"><a href=\"https:\/\/vrscb.lt\/pl\/spotkanie-klubu-polska-ksiazka\/\" class=\"more-link\">Czytaj wi\u0119cej<span class=\"screen-reader-text\"> &ldquo;SPOTKANIE KLUBU \u201ePOLSKA KSI\u0104\u017bKA\u201d&rdquo;<\/span>\u2026<\/a><\/div>\n\t\t<\/div>\n\t\t\t\t<\/div>\n\t\t\t\t<\/article>\n\t\t\t\t<article class=\"elementor-post elementor-grid-item post-38461 post type-post status-publish format-standard has-post-thumbnail hentry category-imprezy entry\" role=\"listitem\">\n\t\t\t\t<a class=\"elementor-post__thumbnail__link\" href=\"https:\/\/vrscb.lt\/pl\/zajecia-edukacyjne-zrob-to-sam-moja-pierwsza-ksiazeczka\/\" tabindex=\"-1\" >\n\t\t\t<div class=\"elementor-post__thumbnail\"><img loading=\"lazy\" decoding=\"async\" width=\"744\" height=\"558\" src=\"https:\/\/vrscb.lt\/wp-content\/uploads\/2025\/11\/Pasidaryk-pats-\u2013-mano-pirmoji-knygele-12-744x558.jpg\" class=\"attachment-medium size-medium wp-image-38463\" alt=\"Automati\u0161kai i\u0161saugotas juodra\u0161tis\" srcset=\"https:\/\/vrscb.lt\/wp-content\/uploads\/2025\/11\/Pasidaryk-pats-\u2013-mano-pirmoji-knygele-12-744x558.jpg 744w, https:\/\/vrscb.lt\/wp-content\/uploads\/2025\/11\/Pasidaryk-pats-\u2013-mano-pirmoji-knygele-12.jpg 1080w\" sizes=\"(max-width: 744px) 100vw, 744px\" \/><\/div>\n\t\t<\/a>\n\t\t\t\t<div class=\"elementor-post__text\">\n\t\t\t\t<h3 class=\"elementor-post__title\">\n\t\t\t<a href=\"https:\/\/vrscb.lt\/pl\/zajecia-edukacyjne-zrob-to-sam-moja-pierwsza-ksiazeczka\/\" >\n\t\t\t\tZaj\u0119cia edukacyjne \u201eZr\u00f3b to sam \u2013 moja pierwsza ksi\u0105\u017ceczka\u201d\t\t\t<\/a>\n\t\t<\/h3>\n\t\t\t\t<div class=\"elementor-post__meta-data\">\n\t\t\t\t\t<span class=\"elementor-post-date\">\n\t\t\t2025-11-04\t\t<\/span>\n\t\t\t\t<\/div>\n\t\t\t\t<div class=\"elementor-post__excerpt\">\n\t\t\t<div class=\"entry-summary\">\n29 pa\u017adziernika w filii Centralnej biblioteki rejonu wile\u0144skiego w Kowalczukach odby\u0142y si\u0119 kreatywne zaj\u0119cia edukacyjne\n<\/div>\n<div class=\"link-more\"><a href=\"https:\/\/vrscb.lt\/pl\/zajecia-edukacyjne-zrob-to-sam-moja-pierwsza-ksiazeczka\/\" class=\"more-link\">Czytaj wi\u0119cej<span class=\"screen-reader-text\"> &ldquo;Zaj\u0119cia edukacyjne \u201eZr\u00f3b to sam \u2013 moja pierwsza ksi\u0105\u017ceczka\u201d&rdquo;<\/span>\u2026<\/a><\/div>\n\t\t<\/div>\n\t\t\t\t<\/div>\n\t\t\t\t<\/article>\n\t\t\t\t<article class=\"elementor-post elementor-grid-item post-38376 post type-post status-publish format-standard has-post-thumbnail hentry category-imprezy entry\" role=\"listitem\">\n\t\t\t\t<a class=\"elementor-post__thumbnail__link\" href=\"https:\/\/vrscb.lt\/pl\/85-lat-inspiracji-i-kultury-w-centralnej-bibliotece-samorzadu-rejonu-wilenskiego\/\" tabindex=\"-1\" >\n\t\t\t<div class=\"elementor-post__thumbnail\"><img loading=\"lazy\" decoding=\"async\" width=\"744\" height=\"496\" src=\"https:\/\/vrscb.lt\/wp-content\/uploads\/2025\/11\/85-osios-sukakties-svente-8-1-744x496.jpg\" class=\"attachment-medium size-medium wp-image-38378\" alt=\"Automati\u0161kai i\u0161saugotas juodra\u0161tis\" srcset=\"https:\/\/vrscb.lt\/wp-content\/uploads\/2025\/11\/85-osios-sukakties-svente-8-1-744x496.jpg 744w, https:\/\/vrscb.lt\/wp-content\/uploads\/2025\/11\/85-osios-sukakties-svente-8-1-391x260.jpg 391w, https:\/\/vrscb.lt\/wp-content\/uploads\/2025\/11\/85-osios-sukakties-svente-8-1.jpg 1080w\" sizes=\"(max-width: 744px) 100vw, 744px\" \/><\/div>\n\t\t<\/a>\n\t\t\t\t<div class=\"elementor-post__text\">\n\t\t\t\t<h3 class=\"elementor-post__title\">\n\t\t\t<a href=\"https:\/\/vrscb.lt\/pl\/85-lat-inspiracji-i-kultury-w-centralnej-bibliotece-samorzadu-rejonu-wilenskiego\/\" >\n\t\t\t\t85 lat inspiracji i kultury w Centralnej Bibliotece Samorz\u0105du Rejonu Wile\u0144skiego\t\t\t<\/a>\n\t\t<\/h3>\n\t\t\t\t<div class=\"elementor-post__meta-data\">\n\t\t\t\t\t<span class=\"elementor-post-date\">\n\t\t\t2025-11-04\t\t<\/span>\n\t\t\t\t<\/div>\n\t\t\t\t<div class=\"elementor-post__excerpt\">\n\t\t\t<div class=\"entry-summary\">\nCentralna Biblioteka Samorz\u0105du Rejonu Wile\u0144skiego obchodzi\u0142a 85-lecie swojej dzia\u0142alno\u015bci. Uroczysto\u015b\u0107 jubileuszowa, kt\u00f3ra odby\u0142a si\u0119 24\n<\/div>\n<div class=\"link-more\"><a href=\"https:\/\/vrscb.lt\/pl\/85-lat-inspiracji-i-kultury-w-centralnej-bibliotece-samorzadu-rejonu-wilenskiego\/\" class=\"more-link\">Czytaj wi\u0119cej<span class=\"screen-reader-text\"> &ldquo;85 lat inspiracji i kultury w Centralnej Bibliotece Samorz\u0105du Rejonu Wile\u0144skiego&rdquo;<\/span>\u2026<\/a><\/div>\n\t\t<\/div>\n\t\t\t\t<\/div>\n\t\t\t\t<\/article>\n\t\t\t\t<\/div>\n\t\t\n\t\t\t\t<div class=\"e-load-more-anchor\" data-page=\"1\" data-max-page=\"13\" data-next-page=\"https:\/\/vrscb.lt\/pl\/wp-json\/wp\/v2\/pages\/2930\/page\/2\/\"><\/div>\n\t\t\t\t<nav class=\"elementor-pagination\" aria-label=\"Paginacja\">\n\t\t\t<span aria-current=\"page\" class=\"page-numbers current\"><span class=\"elementor-screen-only\">Strona<\/span>1<\/span>\n<a class=\"page-numbers\" href=\"https:\/\/vrscb.lt\/pl\/wp-json\/wp\/v2\/pages\/2930\/page\/2\/\"><span class=\"elementor-screen-only\">Strona<\/span>2<\/a>\n<a class=\"page-numbers\" href=\"https:\/\/vrscb.lt\/pl\/wp-json\/wp\/v2\/pages\/2930\/page\/3\/\"><span class=\"elementor-screen-only\">Strona<\/span>3<\/a>\n<a class=\"page-numbers\" href=\"https:\/\/vrscb.lt\/pl\/wp-json\/wp\/v2\/pages\/2930\/page\/4\/\"><span class=\"elementor-screen-only\">Strona<\/span>4<\/a>\n<a class=\"page-numbers\" href=\"https:\/\/vrscb.lt\/pl\/wp-json\/wp\/v2\/pages\/2930\/page\/5\/\"><span class=\"elementor-screen-only\">Strona<\/span>5<\/a>\n<a class=\"page-numbers\" href=\"https:\/\/vrscb.lt\/pl\/wp-json\/wp\/v2\/pages\/2930\/page\/6\/\"><span class=\"elementor-screen-only\">Strona<\/span>6<\/a>\n<a class=\"page-numbers\" href=\"https:\/\/vrscb.lt\/pl\/wp-json\/wp\/v2\/pages\/2930\/page\/7\/\"><span class=\"elementor-screen-only\">Strona<\/span>7<\/a>\n<a class=\"page-numbers\" href=\"https:\/\/vrscb.lt\/pl\/wp-json\/wp\/v2\/pages\/2930\/page\/8\/\"><span class=\"elementor-screen-only\">Strona<\/span>8<\/a>\n<a class=\"page-numbers\" href=\"https:\/\/vrscb.lt\/pl\/wp-json\/wp\/v2\/pages\/2930\/page\/9\/\"><span class=\"elementor-screen-only\">Strona<\/span>9<\/a>\n<a class=\"page-numbers\" href=\"https:\/\/vrscb.lt\/pl\/wp-json\/wp\/v2\/pages\/2930\/page\/10\/\"><span class=\"elementor-screen-only\">Strona<\/span>10<\/a>\n<a class=\"page-numbers\" href=\"https:\/\/vrscb.lt\/pl\/wp-json\/wp\/v2\/pages\/2930\/page\/11\/\"><span class=\"elementor-screen-only\">Strona<\/span>11<\/a>\n<a class=\"page-numbers\" href=\"https:\/\/vrscb.lt\/pl\/wp-json\/wp\/v2\/pages\/2930\/page\/12\/\"><span class=\"elementor-screen-only\">Strona<\/span>12<\/a>\n<a class=\"page-numbers\" href=\"https:\/\/vrscb.lt\/pl\/wp-json\/wp\/v2\/pages\/2930\/page\/13\/\"><span class=\"elementor-screen-only\">Strona<\/span>13<\/a>\t\t<\/nav>\n\t\t\t\t\t\t<\/div>\n\t\t\t\t<\/div>\n\t\t\t\t\t<\/div>\n\t\t<\/div>\n\t\t\t\t\t<\/div>\n\t\t<\/section>\n\t\t\t\t<\/div>\n\t\t","protected":false},"excerpt":{"rendered":"<div class=\"entry-summary\">\nImprezy\n<\/div>\n<div class=\"link-more\"><a href=\"https:\/\/vrscb.lt\/pl\/85-lat-inspiracji-i-kultury-w-centralnej-bibliotece-samorzadu-rejonu-wilenskiego\/\" class=\"more-link\">Czytaj wi\u0119cej<span class=\"screen-reader-text\"> &ldquo;85 lat inspiracji i kultury w Centralnej Bibliotece Samorz\u0105du Rejonu Wile\u0144skiego&rdquo;<\/span>\u2026<\/a><\/div>\n","protected":false},"author":1,"featured_media":0,"parent":0,"menu_order":0,"comment_status":"closed","ping_status":"closed","template":"","meta":{"_acf_changed":false,"footnotes":""},"class_list":["post-2930","page","type-page","status-publish","hentry","entry"],"acf":[],"yoast_head":"<!-- This site is optimized with the Yoast SEO plugin v27.5 - https:\/\/yoast.com\/product\/yoast-seo-wordpress\/ -->\n<title>Imprezy - Vilniaus rajono savivaldyb\u0117s Centrin\u0117 biblioteka<\/title>\n<meta name=\"robots\" content=\"index, follow, max-snippet:-1, max-image-preview:large, max-video-preview:-1\" \/>\n<link rel=\"canonical\" href=\"https:\/\/vrscb.lt\/pl\/imprezy\/\" \/>\n<meta property=\"og:locale\" content=\"pl_PL\" \/>\n<meta property=\"og:type\" content=\"article\" \/>\n<meta property=\"og:title\" content=\"Imprezy - Vilniaus rajono savivaldyb\u0117s Centrin\u0117 biblioteka\" \/>\n<meta property=\"og:description\" content=\"Imprezy Czytaj wi\u0119cej &ldquo;85 lat inspiracji i kultury w Centralnej Bibliotece Samorz\u0105du Rejonu Wile\u0144skiego&rdquo;\u2026\" \/>\n<meta property=\"og:url\" content=\"https:\/\/vrscb.lt\/pl\/imprezy\/\" \/>\n<meta property=\"og:site_name\" content=\"Vilniaus rajono savivaldyb\u0117s Centrin\u0117 biblioteka\" \/>\n<meta property=\"article:modified_time\" content=\"2024-12-02T09:51:09+00:00\" \/>\n<meta name=\"twitter:card\" content=\"summary_large_image\" \/>\n<meta name=\"twitter:label1\" content=\"Szacowany czas czytania\" \/>\n\t<meta name=\"twitter:data1\" content=\"12 minut\" \/>\n<script type=\"application\/ld+json\" class=\"yoast-schema-graph\">{\"@context\":\"https:\\\/\\\/schema.org\",\"@graph\":[{\"@type\":\"WebPage\",\"@id\":\"https:\\\/\\\/vrscb.lt\\\/pl\\\/imprezy\\\/\",\"url\":\"https:\\\/\\\/vrscb.lt\\\/pl\\\/imprezy\\\/\",\"name\":\"Imprezy - Vilniaus rajono savivaldyb\u0117s Centrin\u0117 biblioteka\",\"isPartOf\":{\"@id\":\"https:\\\/\\\/vrscb.lt\\\/#website\"},\"datePublished\":\"2021-01-19T08:32:53+00:00\",\"dateModified\":\"2024-12-02T09:51:09+00:00\",\"breadcrumb\":{\"@id\":\"https:\\\/\\\/vrscb.lt\\\/pl\\\/imprezy\\\/#breadcrumb\"},\"inLanguage\":\"pl-PL\",\"potentialAction\":[{\"@type\":\"ReadAction\",\"target\":[\"https:\\\/\\\/vrscb.lt\\\/pl\\\/imprezy\\\/\"]}]},{\"@type\":\"BreadcrumbList\",\"@id\":\"https:\\\/\\\/vrscb.lt\\\/pl\\\/imprezy\\\/#breadcrumb\",\"itemListElement\":[{\"@type\":\"ListItem\",\"position\":1,\"name\":\"Dom\",\"item\":\"https:\\\/\\\/vrscb.lt\\\/\"},{\"@type\":\"ListItem\",\"position\":2,\"name\":\"Imprezy\"}]},{\"@type\":\"WebSite\",\"@id\":\"https:\\\/\\\/vrscb.lt\\\/#website\",\"url\":\"https:\\\/\\\/vrscb.lt\\\/\",\"name\":\"Vilniaus rajono savivaldyb\u0117s Centrin\u0117 biblioteka\",\"description\":\"Vilniaus rajono savivaldyb\u0117s Centrin\u0117 biblioteka kvie\u010dia visus prisijungti prie visuotin\u0117s pilietin\u0117s iniciatyvos \u201eAtmintis gyva, nes liudija\u201c ir u\u017edegti atminimo.\",\"publisher\":{\"@id\":\"https:\\\/\\\/vrscb.lt\\\/#organization\"},\"potentialAction\":[{\"@type\":\"SearchAction\",\"target\":{\"@type\":\"EntryPoint\",\"urlTemplate\":\"https:\\\/\\\/vrscb.lt\\\/?s={search_term_string}\"},\"query-input\":{\"@type\":\"PropertyValueSpecification\",\"valueRequired\":true,\"valueName\":\"search_term_string\"}}],\"inLanguage\":\"pl-PL\"},{\"@type\":\"Organization\",\"@id\":\"https:\\\/\\\/vrscb.lt\\\/#organization\",\"name\":\"Vilniaus rajono savivaldyb\u0117s Centrin\u0117 biblioteka\",\"url\":\"https:\\\/\\\/vrscb.lt\\\/\",\"logo\":{\"@type\":\"ImageObject\",\"inLanguage\":\"pl-PL\",\"@id\":\"https:\\\/\\\/vrscb.lt\\\/#\\\/schema\\\/logo\\\/image\\\/\",\"url\":\"https:\\\/\\\/vrscb.lt\\\/wp-content\\\/uploads\\\/2021\\\/02\\\/LOGO_BIBLIOTEKA_RUDAMINA_2018_02_08-1.png\",\"contentUrl\":\"https:\\\/\\\/vrscb.lt\\\/wp-content\\\/uploads\\\/2021\\\/02\\\/LOGO_BIBLIOTEKA_RUDAMINA_2018_02_08-1.png\",\"width\":1084,\"height\":1084,\"caption\":\"Vilniaus rajono savivaldyb\u0117s Centrin\u0117 biblioteka\"},\"image\":{\"@id\":\"https:\\\/\\\/vrscb.lt\\\/#\\\/schema\\\/logo\\\/image\\\/\"}}]}<\/script>\n<!-- \/ Yoast SEO plugin. -->","yoast_head_json":{"title":"Imprezy - Vilniaus rajono savivaldyb\u0117s Centrin\u0117 biblioteka","robots":{"index":"index","follow":"follow","max-snippet":"max-snippet:-1","max-image-preview":"max-image-preview:large","max-video-preview":"max-video-preview:-1"},"canonical":"https:\/\/vrscb.lt\/pl\/imprezy\/","og_locale":"pl_PL","og_type":"article","og_title":"Imprezy - Vilniaus rajono savivaldyb\u0117s Centrin\u0117 biblioteka","og_description":"Imprezy Czytaj wi\u0119cej &ldquo;85 lat inspiracji i kultury w Centralnej Bibliotece Samorz\u0105du Rejonu Wile\u0144skiego&rdquo;\u2026","og_url":"https:\/\/vrscb.lt\/pl\/imprezy\/","og_site_name":"Vilniaus rajono savivaldyb\u0117s Centrin\u0117 biblioteka","article_modified_time":"2024-12-02T09:51:09+00:00","twitter_card":"summary_large_image","twitter_misc":{"Szacowany czas czytania":"12 minut"},"schema":{"@context":"https:\/\/schema.org","@graph":[{"@type":"WebPage","@id":"https:\/\/vrscb.lt\/pl\/imprezy\/","url":"https:\/\/vrscb.lt\/pl\/imprezy\/","name":"Imprezy - Vilniaus rajono savivaldyb\u0117s Centrin\u0117 biblioteka","isPartOf":{"@id":"https:\/\/vrscb.lt\/#website"},"datePublished":"2021-01-19T08:32:53+00:00","dateModified":"2024-12-02T09:51:09+00:00","breadcrumb":{"@id":"https:\/\/vrscb.lt\/pl\/imprezy\/#breadcrumb"},"inLanguage":"pl-PL","potentialAction":[{"@type":"ReadAction","target":["https:\/\/vrscb.lt\/pl\/imprezy\/"]}]},{"@type":"BreadcrumbList","@id":"https:\/\/vrscb.lt\/pl\/imprezy\/#breadcrumb","itemListElement":[{"@type":"ListItem","position":1,"name":"Dom","item":"https:\/\/vrscb.lt\/"},{"@type":"ListItem","position":2,"name":"Imprezy"}]},{"@type":"WebSite","@id":"https:\/\/vrscb.lt\/#website","url":"https:\/\/vrscb.lt\/","name":"Vilniaus rajono savivaldyb\u0117s Centrin\u0117 biblioteka","description":"Vilniaus rajono savivaldyb\u0117s Centrin\u0117 biblioteka kvie\u010dia visus prisijungti prie visuotin\u0117s pilietin\u0117s iniciatyvos \u201eAtmintis gyva, nes liudija\u201c ir u\u017edegti atminimo.","publisher":{"@id":"https:\/\/vrscb.lt\/#organization"},"potentialAction":[{"@type":"SearchAction","target":{"@type":"EntryPoint","urlTemplate":"https:\/\/vrscb.lt\/?s={search_term_string}"},"query-input":{"@type":"PropertyValueSpecification","valueRequired":true,"valueName":"search_term_string"}}],"inLanguage":"pl-PL"},{"@type":"Organization","@id":"https:\/\/vrscb.lt\/#organization","name":"Vilniaus rajono savivaldyb\u0117s Centrin\u0117 biblioteka","url":"https:\/\/vrscb.lt\/","logo":{"@type":"ImageObject","inLanguage":"pl-PL","@id":"https:\/\/vrscb.lt\/#\/schema\/logo\/image\/","url":"https:\/\/vrscb.lt\/wp-content\/uploads\/2021\/02\/LOGO_BIBLIOTEKA_RUDAMINA_2018_02_08-1.png","contentUrl":"https:\/\/vrscb.lt\/wp-content\/uploads\/2021\/02\/LOGO_BIBLIOTEKA_RUDAMINA_2018_02_08-1.png","width":1084,"height":1084,"caption":"Vilniaus rajono savivaldyb\u0117s Centrin\u0117 biblioteka"},"image":{"@id":"https:\/\/vrscb.lt\/#\/schema\/logo\/image\/"}}]}},"_links":{"self":[{"href":"https:\/\/vrscb.lt\/pl\/wp-json\/wp\/v2\/pages\/2930","targetHints":{"allow":["GET"]}}],"collection":[{"href":"https:\/\/vrscb.lt\/pl\/wp-json\/wp\/v2\/pages"}],"about":[{"href":"https:\/\/vrscb.lt\/pl\/wp-json\/wp\/v2\/types\/page"}],"author":[{"embeddable":true,"href":"https:\/\/vrscb.lt\/pl\/wp-json\/wp\/v2\/users\/1"}],"replies":[{"embeddable":true,"href":"https:\/\/vrscb.lt\/pl\/wp-json\/wp\/v2\/comments?post=2930"}],"version-history":[{"count":14,"href":"https:\/\/vrscb.lt\/pl\/wp-json\/wp\/v2\/pages\/2930\/revisions"}],"predecessor-version":[{"id":33136,"href":"https:\/\/vrscb.lt\/pl\/wp-json\/wp\/v2\/pages\/2930\/revisions\/33136"}],"wp:attachment":[{"href":"https:\/\/vrscb.lt\/pl\/wp-json\/wp\/v2\/media?parent=2930"}],"curies":[{"name":"wp","href":"https:\/\/api.w.org\/{rel}","templated":true}]}}